{"id":7374,"date":"2023-09-26T10:14:55","date_gmt":"2023-09-26T10:14:55","guid":{"rendered":"http:\/\/websimar01\/simar\/?page_id=7374"},"modified":"2025-01-06T11:53:16","modified_gmt":"2025-01-06T11:53:16","slug":"politica-de-privacidade-2","status":"publish","type":"page","link":"https:\/\/www.simar-louresodivelas.pt\/index.php\/politica-de-privacidade-2","title":{"rendered":"Pol\u00edtica de Privacidade"},"content":{"rendered":"\t\t<div data-elementor-type=\"wp-page\" data-elementor-id=\"7374\" class=\"elementor elementor-7374\">\n\t\t\t\t\t\t<section class=\"elementor-section elementor-top-section elementor-element elementor-element-605711b elementor-section-full_width elementor-section-stretched elementor-section-height-default elementor-section-height-default\" data-id=\"605711b\" data-element_type=\"section\" data-settings=\"{&quot;stretch_section&quot;:&quot;section-stretched&quot;,&quot;background_background&quot;:&quot;classic&quot;}\">\n\t\t\t\t\t\t<div class=\"elementor-container elementor-column-gap-default\">\n\t\t\t\t\t<div class=\"aux-parallax-section elementor-column elementor-col-100 elementor-top-column elementor-element elementor-element-680efbb\" data-id=\"680efbb\" data-element_type=\"column\">\n\t\t\t<div class=\"elementor-widget-wrap elementor-element-populated\">\n\t\t\t\t\t\t<div class=\"elementor-element elementor-element-f2f51bf elementor-widget elementor-widget-image\" data-id=\"f2f51bf\" data-element_type=\"widget\" data-widget_type=\"image.default\">\n\t\t\t\t<div class=\"elementor-widget-container\">\n\t\t\t\t\t\t\t\t\t\t\t\t\t\t\t<img decoding=\"async\" src=\"https:\/\/www.simar-louresodivelas.pt\/wp-content\/uploads\/2023\/09\/politica-de-privacidade.jpg\" title=\"pol\u00edtica de privacidade\" alt=\"pol\u00edtica de privacidade\" loading=\"lazy\" \/>\t\t\t\t\t\t\t\t\t\t\t\t\t\t\t<\/div>\n\t\t\t\t<\/div>\n\t\t\t\t\t<\/div>\n\t\t<\/div>\n\t\t\t\t\t<\/div>\n\t\t<\/section>\n\t\t\t\t<section class=\"elementor-section elementor-top-section elementor-element elementor-element-3e5d8c8 elementor-section-boxed elementor-section-height-default elementor-section-height-default\" data-id=\"3e5d8c8\" data-element_type=\"section\">\n\t\t\t\t\t\t<div class=\"elementor-container elementor-column-gap-default\">\n\t\t\t\t\t<div class=\"aux-parallax-section elementor-column elementor-col-100 elementor-top-column elementor-element elementor-element-760d836\" data-id=\"760d836\" data-element_type=\"column\">\n\t\t\t<div class=\"elementor-widget-wrap elementor-element-populated\">\n\t\t\t\t\t\t<div class=\"elementor-element elementor-element-5659dc3 elementor-widget-divider--view-line_icon elementor-view-default elementor-widget-divider--element-align-center elementor-widget elementor-widget-divider\" data-id=\"5659dc3\" data-element_type=\"widget\" data-widget_type=\"divider.default\">\n\t\t\t\t<div class=\"elementor-widget-container\">\n\t\t\t\t\t\t\t<div class=\"elementor-divider\">\n\t\t\t<span class=\"elementor-divider-separator\">\n\t\t\t\t\t\t\t<div class=\"elementor-icon elementor-divider__element\">\n\t\t\t\t\t<i aria-hidden=\"true\" class=\"fas fa-book-open\"><\/i><\/div>\n\t\t\t\t\t\t<\/span>\n\t\t<\/div>\n\t\t\t\t\t\t<\/div>\n\t\t\t\t<\/div>\n\t\t\t\t\t<\/div>\n\t\t<\/div>\n\t\t\t\t\t<\/div>\n\t\t<\/section>\n\t\t\t\t<section class=\"elementor-section elementor-top-section elementor-element elementor-element-012e961 elementor-section-boxed elementor-section-height-default elementor-section-height-default\" data-id=\"012e961\" data-element_type=\"section\">\n\t\t\t\t\t\t<div class=\"elementor-container elementor-column-gap-default\">\n\t\t\t\t\t<div class=\"aux-parallax-section elementor-column elementor-col-100 elementor-top-column elementor-element elementor-element-37d26f4\" data-id=\"37d26f4\" data-element_type=\"column\" data-settings=\"{&quot;background_background&quot;:&quot;classic&quot;}\">\n\t\t\t<div class=\"elementor-widget-wrap elementor-element-populated\">\n\t\t\t\t\t\t<div class=\"elementor-element elementor-element-e1bd91a elementor-widget elementor-widget-text-editor\" data-id=\"e1bd91a\" data-element_type=\"widget\" data-widget_type=\"text-editor.default\">\n\t\t\t\t<div class=\"elementor-widget-container\">\n\t\t\t\t\t\t\t\t\t<p style=\"text-align: justify;\">Os Servi\u00e7os Intermunicipalizados de \u00c1gua e Res\u00edduos dos Munic\u00edpios de Loures e Odivelas (adiante designado por SIMAR) s\u00e3o um servi\u00e7o p\u00fablico n\u00e3o personalizado, de interesse local, dotado de autonomia t\u00e9cnica, administrativa e financeira e geridos sob a forma empresarial, no quadro da organiza\u00e7\u00e3o intermunicipal, inscrevendo-se na administra\u00e7\u00e3o direta dos respetivos munic\u00edpios.<\/p><p style=\"text-align: justify;\">Os munic\u00edpios como qualquer entidade p\u00fablica ou privada que proceda ao tratamento de dados pessoais, encontram-se abrangidos pelo Regulamento Geral sobre a Prote\u00e7\u00e3o de Dados.<\/p><p style=\"text-align: justify;\">A <strong>Pol\u00edtica de Privacidade dos SIMAR<\/strong> rege-se pelos princ\u00edpios de prote\u00e7\u00e3o de dados enunciados no Regulamento Geral sobre a Prote\u00e7\u00e3o de Dados (doravante RGPD ou Regulamento) Regulamento 2016\/679 do Parlamento Europeu e do Conselho de 27 de abril de 2016, relativo \u00e0 prote\u00e7\u00e3o das pessoas singulares no que diz respeito ao tratamento de dados pessoais e \u00e0 livre circula\u00e7\u00e3o desses dados.<\/p><p style=\"text-align: justify;\">Consideram-se <em>dados pessoais<\/em> nos termos legais, todos e quaisquer dados relativos a pessoas singulares identificadas ou identific\u00e1veis.<\/p><p style=\"text-align: justify;\">Os SIMAR poder\u00e3o alterar esta pol\u00edtica sempre que tal se justifique, e de modo a garantir o alinhamento com as leis, regulamentos e boas pr\u00e1ticas de neg\u00f3cio aplic\u00e1veis. Em caso de altera\u00e7\u00e3o da pol\u00edtica, os titulares de dados ser\u00e3o Informados.<\/p>\t\t\t\t\t\t\t\t<\/div>\n\t\t\t\t<\/div>\n\t\t\t\t\t<\/div>\n\t\t<\/div>\n\t\t\t\t\t<\/div>\n\t\t<\/section>\n\t\t\t\t<section class=\"elementor-section elementor-top-section elementor-element elementor-element-935dae2 elementor-section-boxed elementor-section-height-default elementor-section-height-default\" data-id=\"935dae2\" data-element_type=\"section\">\n\t\t\t\t\t\t<div class=\"elementor-container elementor-column-gap-default\">\n\t\t\t\t\t<div class=\"aux-parallax-section elementor-column elementor-col-100 elementor-top-column elementor-element elementor-element-3b50dba\" data-id=\"3b50dba\" data-element_type=\"column\">\n\t\t\t<div class=\"elementor-widget-wrap elementor-element-populated\">\n\t\t\t\t\t\t<div class=\"elementor-element elementor-element-3b188d2 elementor-widget elementor-widget-accordion\" data-id=\"3b188d2\" data-element_type=\"widget\" data-widget_type=\"accordion.default\">\n\t\t\t\t<div class=\"elementor-widget-container\">\n\t\t\t\t\t\t\t<div class=\"elementor-accordion\">\n\t\t\t\t\t\t\t<div class=\"elementor-accordion-item\">\n\t\t\t\t\t<div id=\"elementor-tab-title-6191\" class=\"elementor-tab-title\" data-tab=\"1\" role=\"button\" aria-controls=\"elementor-tab-content-6191\" aria-expanded=\"false\">\n\t\t\t\t\t\t\t\t\t\t\t\t\t<span class=\"elementor-accordion-icon elementor-accordion-icon-right\" aria-hidden=\"true\">\n\t\t\t\t\t\t\t\t\t\t\t\t\t\t\t<span class=\"elementor-accordion-icon-closed\"><i class=\"fas fa-angle-down\"><\/i><\/span>\n\t\t\t\t\t\t\t\t<span class=\"elementor-accordion-icon-opened\"><i class=\"fas fa-angle-up\"><\/i><\/span>\n\t\t\t\t\t\t\t\t\t\t\t\t\t\t<\/span>\n\t\t\t\t\t\t\t\t\t\t\t\t<a class=\"elementor-accordion-title\" tabindex=\"0\">1. \u00c2MBITO<\/a>\n\t\t\t\t\t<\/div>\n\t\t\t\t\t<div id=\"elementor-tab-content-6191\" class=\"elementor-tab-content elementor-clearfix\" data-tab=\"1\" role=\"region\" aria-labelledby=\"elementor-tab-title-6191\"><p>Esta pol\u00edtica aplica-se a todo e qualquer tratamento de dados pessoais pelos SIMAR.<\/p><\/div>\n\t\t\t\t<\/div>\n\t\t\t\t\t\t\t<div class=\"elementor-accordion-item\">\n\t\t\t\t\t<div id=\"elementor-tab-title-6192\" class=\"elementor-tab-title\" data-tab=\"2\" role=\"button\" aria-controls=\"elementor-tab-content-6192\" aria-expanded=\"false\">\n\t\t\t\t\t\t\t\t\t\t\t\t\t<span class=\"elementor-accordion-icon elementor-accordion-icon-right\" aria-hidden=\"true\">\n\t\t\t\t\t\t\t\t\t\t\t\t\t\t\t<span class=\"elementor-accordion-icon-closed\"><i class=\"fas fa-angle-down\"><\/i><\/span>\n\t\t\t\t\t\t\t\t<span class=\"elementor-accordion-icon-opened\"><i class=\"fas fa-angle-up\"><\/i><\/span>\n\t\t\t\t\t\t\t\t\t\t\t\t\t\t<\/span>\n\t\t\t\t\t\t\t\t\t\t\t\t<a class=\"elementor-accordion-title\" tabindex=\"0\">2. RESPONS\u00c1VEL PELO TRATAMENTO DE DADOS<\/a>\n\t\t\t\t\t<\/div>\n\t\t\t\t\t<div id=\"elementor-tab-content-6192\" class=\"elementor-tab-content elementor-clearfix\" data-tab=\"2\" role=\"region\" aria-labelledby=\"elementor-tab-title-6192\"><p>A entidade respons\u00e1vel pelo tratamento dos dados pessoais s\u00e3o os SIMAR que assegura que o tratamento dos seus Dados Pessoais \u00e9 efetuado no \u00e2mbito da finalidade para os quais os mesmos foram recolhidos ou para finalidades compat\u00edveis com o prop\u00f3sito inicial para que foram recolhidos.<\/p><p>Os titulares dos dados poder\u00e3o apresentar quest\u00f5es relativas aos mesmos, por escrito (para a morada Rua Ilha da Madeira, n.\u00ba 2, 2674-504 Loures) ou atrav\u00e9s do endere\u00e7o eletr\u00f3nico: <span style=\"text-decoration: underline; color: #316cb5;\"><a style=\"color: #316cb5; text-decoration: underline;\" href=\"mailto:geral@simar-louresodivelas.pt\">geral@simar-louresodivelas.pt<\/a><\/span><\/p><\/div>\n\t\t\t\t<\/div>\n\t\t\t\t\t\t\t<div class=\"elementor-accordion-item\">\n\t\t\t\t\t<div id=\"elementor-tab-title-6193\" class=\"elementor-tab-title\" data-tab=\"3\" role=\"button\" aria-controls=\"elementor-tab-content-6193\" aria-expanded=\"false\">\n\t\t\t\t\t\t\t\t\t\t\t\t\t<span class=\"elementor-accordion-icon elementor-accordion-icon-right\" aria-hidden=\"true\">\n\t\t\t\t\t\t\t\t\t\t\t\t\t\t\t<span class=\"elementor-accordion-icon-closed\"><i class=\"fas fa-angle-down\"><\/i><\/span>\n\t\t\t\t\t\t\t\t<span class=\"elementor-accordion-icon-opened\"><i class=\"fas fa-angle-up\"><\/i><\/span>\n\t\t\t\t\t\t\t\t\t\t\t\t\t\t<\/span>\n\t\t\t\t\t\t\t\t\t\t\t\t<a class=\"elementor-accordion-title\" tabindex=\"0\">3. RECOLHA E TRATAMENTO DE DADOS PESSOAIS<\/a>\n\t\t\t\t\t<\/div>\n\t\t\t\t\t<div id=\"elementor-tab-content-6193\" class=\"elementor-tab-content elementor-clearfix\" data-tab=\"3\" role=\"region\" aria-labelledby=\"elementor-tab-title-6193\"><p>Os dados pessoais recolhidos no \u00e2mbito do presente contrato destinam-se \u00e0 gest\u00e3o da rela\u00e7\u00e3o contratual, a a\u00e7\u00f5es de informa\u00e7\u00e3o e \u00e0 presta\u00e7\u00e3o dos servi\u00e7os contratados, sendo o seu tratamento realizado de acordo com o RGPD.<\/p><p>Caso n\u00e3o se enquadre no par\u00e1grafo anterior, o tratamento dos dados pessoais s\u00f3 poder\u00e1 ser realizado ap\u00f3s a obten\u00e7\u00e3o do consentimento expl\u00edcito do titular dos dados para a finalidade expressamente comunicada ao mesmo.<\/p><p>A tipologia de dados pessoais tratados pelos SIMAR inclui: dados de identifica\u00e7\u00e3o pessoal, dados financeiros\/pagamento, contactos e dados sens\u00edveis. A recolha destes dados \u00e9 realizada presencialmente, via email, por telefone e\/ou via website.<\/p><p>Os dados pessoais fornecidos destinam-se ao uso exclusivo dos Servi\u00e7os Intermunicipalizados de \u00c1guas e Res\u00edduos de Loures e Odivelas ou de empresas subcontratadas no estrito \u00e2mbito da execu\u00e7\u00e3o de contratos, assegurando-se a confidencialidade dos dados. Os dados poder\u00e3o ser fornecidos a autoridades judiciais ou administrativas, nos casos previstos na lei.<\/p><\/div>\n\t\t\t\t<\/div>\n\t\t\t\t\t\t\t<div class=\"elementor-accordion-item\">\n\t\t\t\t\t<div id=\"elementor-tab-title-6194\" class=\"elementor-tab-title\" data-tab=\"4\" role=\"button\" aria-controls=\"elementor-tab-content-6194\" aria-expanded=\"false\">\n\t\t\t\t\t\t\t\t\t\t\t\t\t<span class=\"elementor-accordion-icon elementor-accordion-icon-right\" aria-hidden=\"true\">\n\t\t\t\t\t\t\t\t\t\t\t\t\t\t\t<span class=\"elementor-accordion-icon-closed\"><i class=\"fas fa-angle-down\"><\/i><\/span>\n\t\t\t\t\t\t\t\t<span class=\"elementor-accordion-icon-opened\"><i class=\"fas fa-angle-up\"><\/i><\/span>\n\t\t\t\t\t\t\t\t\t\t\t\t\t\t<\/span>\n\t\t\t\t\t\t\t\t\t\t\t\t<a class=\"elementor-accordion-title\" tabindex=\"0\">4. ENCARREGADO DA PROTE\u00c7\u00c3O DE DADOS<\/a>\n\t\t\t\t\t<\/div>\n\t\t\t\t\t<div id=\"elementor-tab-content-6194\" class=\"elementor-tab-content elementor-clearfix\" data-tab=\"4\" role=\"region\" aria-labelledby=\"elementor-tab-title-6194\"><p>Nos termos da al\u00ednea a) do n.\u00ba 1 do artigo 37.\u00ba do Regulamento Geral sobre a Prote\u00e7\u00e3o de Dados Pessoais, foi designado um Encarregado da Prote\u00e7\u00e3o de Dados, podendo os titulares desses dados apresentar as quest\u00f5es relativas aos mesmos, por escrito, para o seguinte contacto: <span style=\"text-decoration: underline; color: #316cb5;\"><span style=\"text-decoration: underline;\"><a style=\"color: #316cb5; text-decoration: underline;\" href=\"mailto:epd@simar-louresodivelas.pt\">epd@simar-louresodivelas.pt<\/a><\/span><\/span><\/p><\/div>\n\t\t\t\t<\/div>\n\t\t\t\t\t\t\t<div class=\"elementor-accordion-item\">\n\t\t\t\t\t<div id=\"elementor-tab-title-6195\" class=\"elementor-tab-title\" data-tab=\"5\" role=\"button\" aria-controls=\"elementor-tab-content-6195\" aria-expanded=\"false\">\n\t\t\t\t\t\t\t\t\t\t\t\t\t<span class=\"elementor-accordion-icon elementor-accordion-icon-right\" aria-hidden=\"true\">\n\t\t\t\t\t\t\t\t\t\t\t\t\t\t\t<span class=\"elementor-accordion-icon-closed\"><i class=\"fas fa-angle-down\"><\/i><\/span>\n\t\t\t\t\t\t\t\t<span class=\"elementor-accordion-icon-opened\"><i class=\"fas fa-angle-up\"><\/i><\/span>\n\t\t\t\t\t\t\t\t\t\t\t\t\t\t<\/span>\n\t\t\t\t\t\t\t\t\t\t\t\t<a class=\"elementor-accordion-title\" tabindex=\"0\">5. PRINC\u00cdPIOS OBSERVADOS NO TRATAMENTO DOS DADOS PESSOAIS<\/a>\n\t\t\t\t\t<\/div>\n\t\t\t\t\t<div id=\"elementor-tab-content-6195\" class=\"elementor-tab-content elementor-clearfix\" data-tab=\"5\" role=\"region\" aria-labelledby=\"elementor-tab-title-6195\"><p>No tratamento de dados a que os SIMAR procedem, observam os princ\u00edpios da licitude, lealdade e transpar\u00eancia, limita\u00e7\u00e3o das finalidades, minimiza\u00e7\u00e3o dos dados, exatid\u00e3o, limita\u00e7\u00e3o da conserva\u00e7\u00e3o; integridade, confidencialidade e responsabilidade.<\/p><\/div>\n\t\t\t\t<\/div>\n\t\t\t\t\t\t\t<div class=\"elementor-accordion-item\">\n\t\t\t\t\t<div id=\"elementor-tab-title-6196\" class=\"elementor-tab-title\" data-tab=\"6\" role=\"button\" aria-controls=\"elementor-tab-content-6196\" aria-expanded=\"false\">\n\t\t\t\t\t\t\t\t\t\t\t\t\t<span class=\"elementor-accordion-icon elementor-accordion-icon-right\" aria-hidden=\"true\">\n\t\t\t\t\t\t\t\t\t\t\t\t\t\t\t<span class=\"elementor-accordion-icon-closed\"><i class=\"fas fa-angle-down\"><\/i><\/span>\n\t\t\t\t\t\t\t\t<span class=\"elementor-accordion-icon-opened\"><i class=\"fas fa-angle-up\"><\/i><\/span>\n\t\t\t\t\t\t\t\t\t\t\t\t\t\t<\/span>\n\t\t\t\t\t\t\t\t\t\t\t\t<a class=\"elementor-accordion-title\" tabindex=\"0\">6. SEGURAN\u00c7A DE DADOS PESSOAIS<\/a>\n\t\t\t\t\t<\/div>\n\t\t\t\t\t<div id=\"elementor-tab-content-6196\" class=\"elementor-tab-content elementor-clearfix\" data-tab=\"6\" role=\"region\" aria-labelledby=\"elementor-tab-title-6196\"><p>Os SIMAR assumem o compromisso de garantir a prote\u00e7\u00e3o e seguran\u00e7a dos dados pessoais atrav\u00e9s da utiliza\u00e7\u00e3o de um conjunto de tecnologias e procedimentos de seguran\u00e7a adequados para proteger os seus Dados Pessoais do acesso, uso ou divulga\u00e7\u00e3o n\u00e3o autorizados, como cifragem dos dados, controlo de acessos e monitoriza\u00e7\u00e3o das bases de dados e sistemas de informa\u00e7\u00e3o, que garante uma completa auditoria e responsabiliza\u00e7\u00e3o dos acessos.<\/p><\/div>\n\t\t\t\t<\/div>\n\t\t\t\t\t\t\t<div class=\"elementor-accordion-item\">\n\t\t\t\t\t<div id=\"elementor-tab-title-6197\" class=\"elementor-tab-title\" data-tab=\"7\" role=\"button\" aria-controls=\"elementor-tab-content-6197\" aria-expanded=\"false\">\n\t\t\t\t\t\t\t\t\t\t\t\t\t<span class=\"elementor-accordion-icon elementor-accordion-icon-right\" aria-hidden=\"true\">\n\t\t\t\t\t\t\t\t\t\t\t\t\t\t\t<span class=\"elementor-accordion-icon-closed\"><i class=\"fas fa-angle-down\"><\/i><\/span>\n\t\t\t\t\t\t\t\t<span class=\"elementor-accordion-icon-opened\"><i class=\"fas fa-angle-up\"><\/i><\/span>\n\t\t\t\t\t\t\t\t\t\t\t\t\t\t<\/span>\n\t\t\t\t\t\t\t\t\t\t\t\t<a class=\"elementor-accordion-title\" tabindex=\"0\">7. DIREITOS DO TITULAR DOS DADOS<\/a>\n\t\t\t\t\t<\/div>\n\t\t\t\t\t<div id=\"elementor-tab-content-6197\" class=\"elementor-tab-content elementor-clearfix\" data-tab=\"7\" role=\"region\" aria-labelledby=\"elementor-tab-title-6197\"><p>Os SIMAR garantem aos titulares dos dados os direitos ao acesso, a retifica\u00e7\u00e3o, a limita\u00e7\u00e3o de tratamento e ainda o apagamento dos Dados Pessoais.<\/p><\/div>\n\t\t\t\t<\/div>\n\t\t\t\t\t\t\t<div class=\"elementor-accordion-item\">\n\t\t\t\t\t<div id=\"elementor-tab-title-6198\" class=\"elementor-tab-title\" data-tab=\"8\" role=\"button\" aria-controls=\"elementor-tab-content-6198\" aria-expanded=\"false\">\n\t\t\t\t\t\t\t\t\t\t\t\t\t<span class=\"elementor-accordion-icon elementor-accordion-icon-right\" aria-hidden=\"true\">\n\t\t\t\t\t\t\t\t\t\t\t\t\t\t\t<span class=\"elementor-accordion-icon-closed\"><i class=\"fas fa-angle-down\"><\/i><\/span>\n\t\t\t\t\t\t\t\t<span class=\"elementor-accordion-icon-opened\"><i class=\"fas fa-angle-up\"><\/i><\/span>\n\t\t\t\t\t\t\t\t\t\t\t\t\t\t<\/span>\n\t\t\t\t\t\t\t\t\t\t\t\t<a class=\"elementor-accordion-title\" tabindex=\"0\">8. SUBCONTRATANTES<\/a>\n\t\t\t\t\t<\/div>\n\t\t\t\t\t<div id=\"elementor-tab-content-6198\" class=\"elementor-tab-content elementor-clearfix\" data-tab=\"8\" role=\"region\" aria-labelledby=\"elementor-tab-title-6198\"><p>Os SIMAR recorrem a entidades subcontratadas para a presta\u00e7\u00e3o de servi\u00e7os que podem envolver o tratamento de dados pessoais. Os SIMAR tomam as medidas exig\u00edveis de modo a assegurar que as entidades subcontratantes cumpram as disposi\u00e7\u00f5es do RPGD.<\/p><\/div>\n\t\t\t\t<\/div>\n\t\t\t\t\t\t\t<div class=\"elementor-accordion-item\">\n\t\t\t\t\t<div id=\"elementor-tab-title-6199\" class=\"elementor-tab-title\" data-tab=\"9\" role=\"button\" aria-controls=\"elementor-tab-content-6199\" aria-expanded=\"false\">\n\t\t\t\t\t\t\t\t\t\t\t\t\t<span class=\"elementor-accordion-icon elementor-accordion-icon-right\" aria-hidden=\"true\">\n\t\t\t\t\t\t\t\t\t\t\t\t\t\t\t<span class=\"elementor-accordion-icon-closed\"><i class=\"fas fa-angle-down\"><\/i><\/span>\n\t\t\t\t\t\t\t\t<span class=\"elementor-accordion-icon-opened\"><i class=\"fas fa-angle-up\"><\/i><\/span>\n\t\t\t\t\t\t\t\t\t\t\t\t\t\t<\/span>\n\t\t\t\t\t\t\t\t\t\t\t\t<a class=\"elementor-accordion-title\" tabindex=\"0\">9. CONFIDENCIALIDADE<\/a>\n\t\t\t\t\t<\/div>\n\t\t\t\t\t<div id=\"elementor-tab-content-6199\" class=\"elementor-tab-content elementor-clearfix\" data-tab=\"9\" role=\"region\" aria-labelledby=\"elementor-tab-title-6199\"><p>Os SIMAR comprometem-se a assegurar a confidencialidade dos dados pessoais. O princ\u00edpio do m\u00ednimo acesso \u00e9 aplicado, garantindo que os colaboradores dos SIMAR s\u00f3 t\u00eam acesso aos dados necess\u00e1rios para o correto desempenho das suas fun\u00e7\u00f5es.<\/p><p>A obriga\u00e7\u00e3o de confidencialidade dos trabalhadores dos SIMAR face aos dados recolhidos pela organiza\u00e7\u00e3o resulta da celebra\u00e7\u00e3o do contrato de trabalho e mant\u00e9m-se ap\u00f3s cessadas as suas fun\u00e7\u00f5es. Qualquer recolha, tratamento ou uso n\u00e3o autorizado de dados \u00e9 estritamente proibido e alvo de processo disciplinar.<\/p><\/div>\n\t\t\t\t<\/div>\n\t\t\t\t\t\t\t<div class=\"elementor-accordion-item\">\n\t\t\t\t\t<div id=\"elementor-tab-title-61910\" class=\"elementor-tab-title\" data-tab=\"10\" role=\"button\" aria-controls=\"elementor-tab-content-61910\" aria-expanded=\"false\">\n\t\t\t\t\t\t\t\t\t\t\t\t\t<span class=\"elementor-accordion-icon elementor-accordion-icon-right\" aria-hidden=\"true\">\n\t\t\t\t\t\t\t\t\t\t\t\t\t\t\t<span class=\"elementor-accordion-icon-closed\"><i class=\"fas fa-angle-down\"><\/i><\/span>\n\t\t\t\t\t\t\t\t<span class=\"elementor-accordion-icon-opened\"><i class=\"fas fa-angle-up\"><\/i><\/span>\n\t\t\t\t\t\t\t\t\t\t\t\t\t\t<\/span>\n\t\t\t\t\t\t\t\t\t\t\t\t<a class=\"elementor-accordion-title\" tabindex=\"0\">10. PRAZO DE CONSERVA\u00c7\u00c3O DOS DADOS<\/a>\n\t\t\t\t\t<\/div>\n\t\t\t\t\t<div id=\"elementor-tab-content-61910\" class=\"elementor-tab-content elementor-clearfix\" data-tab=\"10\" role=\"region\" aria-labelledby=\"elementor-tab-title-61910\"><p>Os SIMAR v\u00e3o tratar e manter os dados pessoais pelo per\u00edodo durante o qual se mantiver a rela\u00e7\u00e3o contratual, tratando e armazenando os seus dados pessoais na medida do necess\u00e1rio para o cumprimento das aplic\u00e1veis previs\u00f5es contratuais e legais. Os Dados Pessoais poder\u00e3o ser mantidos pelos SIMAR de acordo com as exig\u00eancias legais inerentes \u00e0s finalidades do tratamento para que foram recolhidos.<\/p><\/div>\n\t\t\t\t<\/div>\n\t\t\t\t\t\t\t\t<\/div>\n\t\t\t\t\t\t<\/div>\n\t\t\t\t<\/div>\n\t\t\t\t\t<\/div>\n\t\t<\/div>\n\t\t\t\t\t<\/div>\n\t\t<\/section>\n\t\t\t\t<section class=\"elementor-section elementor-top-section elementor-element elementor-element-c49d7cf elementor-section-boxed elementor-section-height-default elementor-section-height-default\" data-id=\"c49d7cf\" data-element_type=\"section\">\n\t\t\t\t\t\t<div class=\"elementor-container elementor-column-gap-default\">\n\t\t\t\t\t<div class=\"aux-parallax-section elementor-column elementor-col-100 elementor-top-column elementor-element elementor-element-aec32df\" data-id=\"aec32df\" data-element_type=\"column\">\n\t\t\t<div class=\"elementor-widget-wrap elementor-element-populated\">\n\t\t\t\t\t\t<div class=\"elementor-element elementor-element-d96624e elementor-widget elementor-widget-html\" data-id=\"d96624e\" data-element_type=\"widget\" data-widget_type=\"html.default\">\n\t\t\t\t<div class=\"elementor-widget-container\">\n\t\t\t\t\t<script src=\"data:text\/javascript;base64,alF1ZXJ5KGRvY3VtZW50KS5yZWFkeShmdW5jdGlvbigkKXt2YXIgZGVsYXk9MTAwO3NldFRpbWVvdXQoZnVuY3Rpb24oKXskKCcuZWxlbWVudG9yLXRhYi10aXRsZScpLnJlbW92ZUNsYXNzKCdlbGVtZW50b3ItYWN0aXZlJyk7JCgnLmVsZW1lbnRvci10YWItY29udGVudCcpLmNzcygnZGlzcGxheScsJ25vbmUnKX0sZGVsYXkpfSk=\" defer><\/script>\n\t\t\t\t<\/div>\n\t\t\t\t<\/div>\n\t\t\t\t\t<\/div>\n\t\t<\/div>\n\t\t\t\t\t<\/div>\n\t\t<\/section>\n\t\t\t\t<\/div>\n\t\t","protected":false},"excerpt":{"rendered":"<p>Os Servi\u00e7os Intermunicipalizados de \u00c1gua e Res\u00edduos dos Munic\u00edpios de Loures e Odivelas (adiante designado por SIMAR) s\u00e3o um servi\u00e7o p\u00fablico n\u00e3o personalizado, de interesse local, dotado de autonomia t\u00e9cnica, administrativa e financeira e geridos sob a forma empresarial, no quadro da organiza\u00e7\u00e3o intermunicipal, inscrevendo-se na administra\u00e7\u00e3o direta dos respetivos munic\u00edpios. Os munic\u00edpios como qualquer [&hellip;]<\/p>\n","protected":false},"author":1,"featured_media":0,"parent":0,"menu_order":0,"comment_status":"closed","ping_status":"closed","template":"","meta":{"_monsterinsights_skip_tracking":false,"_monsterinsights_sitenote_active":false,"_monsterinsights_sitenote_note":"","_monsterinsights_sitenote_category":0,"_uf_show_specific_survey":0,"_uf_disable_surveys":false,"footnotes":""},"class_list":["post-7374","page","type-page","status-publish","hentry"],"aioseo_notices":[],"_links":{"self":[{"href":"https:\/\/www.simar-louresodivelas.pt\/index.php\/wp-json\/wp\/v2\/pages\/7374","targetHints":{"allow":["GET"]}}],"collection":[{"href":"https:\/\/www.simar-louresodivelas.pt\/index.php\/wp-json\/wp\/v2\/pages"}],"about":[{"href":"https:\/\/www.simar-louresodivelas.pt\/index.php\/wp-json\/wp\/v2\/types\/page"}],"author":[{"embeddable":true,"href":"https:\/\/www.simar-louresodivelas.pt\/index.php\/wp-json\/wp\/v2\/users\/1"}],"replies":[{"embeddable":true,"href":"https:\/\/www.simar-louresodivelas.pt\/index.php\/wp-json\/wp\/v2\/comments?post=7374"}],"version-history":[{"count":88,"href":"https:\/\/www.simar-louresodivelas.pt\/index.php\/wp-json\/wp\/v2\/pages\/7374\/revisions"}],"predecessor-version":[{"id":25685,"href":"https:\/\/www.simar-louresodivelas.pt\/index.php\/wp-json\/wp\/v2\/pages\/7374\/revisions\/25685"}],"wp:attachment":[{"href":"https:\/\/www.simar-louresodivelas.pt\/index.php\/wp-json\/wp\/v2\/media?parent=7374"}],"curies":[{"name":"wp","href":"https:\/\/api.w.org\/{rel}","templated":true}]}}