{"id":5969,"date":"2023-09-20T09:41:00","date_gmt":"2023-09-20T09:41:00","guid":{"rendered":"http:\/\/websimar01\/simar\/?page_id=5969"},"modified":"2025-11-13T11:48:09","modified_gmt":"2025-11-13T11:48:09","slug":"rede-interna-de-aguas-residuais","status":"publish","type":"page","link":"https:\/\/www.simar-louresodivelas.pt\/index.php\/rede-interna-de-aguas-residuais","title":{"rendered":"Rede interna de \u00e1guas residuais"},"content":{"rendered":"\t\t<div data-elementor-type=\"wp-page\" data-elementor-id=\"5969\" class=\"elementor elementor-5969\">\n\t\t\t\t\t\t<section class=\"elementor-section elementor-top-section elementor-element elementor-element-18b4be9 elementor-section-full_width elementor-section-stretched elementor-section-height-default elementor-section-height-default\" data-id=\"18b4be9\" data-element_type=\"section\" data-settings=\"{&quot;stretch_section&quot;:&quot;section-stretched&quot;,&quot;background_background&quot;:&quot;classic&quot;}\">\n\t\t\t\t\t\t<div class=\"elementor-container elementor-column-gap-default\">\n\t\t\t\t\t<div class=\"aux-parallax-section elementor-column elementor-col-100 elementor-top-column elementor-element elementor-element-ec0ff75\" data-id=\"ec0ff75\" data-element_type=\"column\">\n\t\t\t<div class=\"elementor-widget-wrap elementor-element-populated\">\n\t\t\t\t\t\t<div class=\"elementor-element elementor-element-043115e elementor-widget elementor-widget-image\" data-id=\"043115e\" data-element_type=\"widget\" data-widget_type=\"image.default\">\n\t\t\t\t<div class=\"elementor-widget-container\">\n\t\t\t\t\t\t\t\t\t\t\t\t\t\t\t<img decoding=\"async\" src=\"https:\/\/www.simar-louresodivelas.pt\/wp-content\/uploads\/2023\/11\/redes-predial-de-aguas-residuais.jpg\" title=\"redes predial de \u00e1guas residuais\" alt=\"redes predial de \u00e1guas residuais\" loading=\"lazy\" \/>\t\t\t\t\t\t\t\t\t\t\t\t\t\t\t<\/div>\n\t\t\t\t<\/div>\n\t\t\t\t\t<\/div>\n\t\t<\/div>\n\t\t\t\t\t<\/div>\n\t\t<\/section>\n\t\t\t\t<section class=\"elementor-section elementor-top-section elementor-element elementor-element-2eb8644 elementor-section-boxed elementor-section-height-default elementor-section-height-default\" data-id=\"2eb8644\" data-element_type=\"section\">\n\t\t\t\t\t\t<div class=\"elementor-container elementor-column-gap-default\">\n\t\t\t\t\t<div class=\"aux-parallax-section elementor-column elementor-col-100 elementor-top-column elementor-element elementor-element-d85b01d\" data-id=\"d85b01d\" data-element_type=\"column\" data-settings=\"{&quot;background_background&quot;:&quot;classic&quot;}\">\n\t\t\t<div class=\"elementor-widget-wrap elementor-element-populated\">\n\t\t\t\t\t\t<div class=\"elementor-element elementor-element-42bfcf0 elementor-widget__width-initial elementor-widget elementor-widget-text-editor\" data-id=\"42bfcf0\" data-element_type=\"widget\" data-widget_type=\"text-editor.default\">\n\t\t\t\t<div class=\"elementor-widget-container\">\n\t\t\t\t\t\t\t\t\t<p>No cumprimento do disposto no Decreto-Lei n\u00ba555\/99 de 16\/12 na reda\u00e7\u00e3o do Decreto-Lei n\u00ba10\/2024 de 08.01 do Regime Jur\u00eddico da Urbaniza\u00e7\u00e3o e Edifica\u00e7\u00e3o, a aprecia\u00e7\u00e3o de projetos pelos SIMAR de Loures e Odivelas incidir\u00e1 na an\u00e1lise e verifica\u00e7\u00e3o da conformidade das condi\u00e7\u00f5es de liga\u00e7\u00e3o \u00e0s redes p\u00fablicas, bem como, o cumprimento da legisla\u00e7\u00e3o vigente no que respeita \u00e0s redes p\u00fablicas que estejam previstas executar e que ser\u00e3o posteriormente integradas nas redes p\u00fablicas dos munic\u00edpios de Loures e Odivelas.<\/p><p>O cumprimento das disposi\u00e7\u00f5es legais no que concerne \u00e0s redes prediais, ficar\u00e1 assegurado pelo termo de responsabilidade e demais documentos de habilita\u00e7\u00e3o apresentados pelo t\u00e9cnico autor do projeto, n\u00e3o se responsabilizando os SIMAR por eventuais incumprimentos ou falsas declara\u00e7\u00f5es nos termos de responsabilidade.<\/p><p>Estes requisitos aplicam-se \u00e0 aprecia\u00e7\u00e3o de todos os projetos de abastecimento de \u00e1gua ou drenagem de \u00e1guas residuais, quer sejam entregues diretamente nas C\u00e2maras Municipais ou nos pr\u00f3prios SIMAR de Loures e Odivelas.<\/p>\t\t\t\t\t\t\t\t<\/div>\n\t\t\t\t<\/div>\n\t\t\t\t\t<\/div>\n\t\t<\/div>\n\t\t\t\t\t<\/div>\n\t\t<\/section>\n\t\t\t\t<section class=\"elementor-section elementor-top-section elementor-element elementor-element-f7ff168 elementor-section-boxed elementor-section-height-default elementor-section-height-default\" data-id=\"f7ff168\" data-element_type=\"section\">\n\t\t\t\t\t\t<div class=\"elementor-container elementor-column-gap-default\">\n\t\t\t\t\t<div class=\"aux-parallax-section elementor-column elementor-col-100 elementor-top-column elementor-element elementor-element-e4ecc3f\" data-id=\"e4ecc3f\" data-element_type=\"column\">\n\t\t\t<div class=\"elementor-widget-wrap elementor-element-populated\">\n\t\t\t\t\t\t<div class=\"elementor-element elementor-element-782bfed elementor-widget elementor-widget-accordion\" data-id=\"782bfed\" data-element_type=\"widget\" data-widget_type=\"accordion.default\">\n\t\t\t\t<div class=\"elementor-widget-container\">\n\t\t\t\t\t\t\t<div class=\"elementor-accordion\">\n\t\t\t\t\t\t\t<div class=\"elementor-accordion-item\">\n\t\t\t\t\t<div id=\"elementor-tab-title-1261\" class=\"elementor-tab-title\" data-tab=\"1\" role=\"button\" aria-controls=\"elementor-tab-content-1261\" aria-expanded=\"false\">\n\t\t\t\t\t\t\t\t\t\t\t\t\t<span class=\"elementor-accordion-icon elementor-accordion-icon-right\" aria-hidden=\"true\">\n\t\t\t\t\t\t\t\t\t\t\t\t\t\t\t<span class=\"elementor-accordion-icon-closed\"><i class=\"fas fa-angle-down\"><\/i><\/span>\n\t\t\t\t\t\t\t\t<span class=\"elementor-accordion-icon-opened\"><i class=\"fas fa-angle-up\"><\/i><\/span>\n\t\t\t\t\t\t\t\t\t\t\t\t\t\t<\/span>\n\t\t\t\t\t\t\t\t\t\t\t\t<a class=\"elementor-accordion-title\" tabindex=\"0\">ELEMENTOS INSTRUT\u00d3RIOS<\/a>\n\t\t\t\t\t<\/div>\n\t\t\t\t\t<div id=\"elementor-tab-content-1261\" class=\"elementor-tab-content elementor-clearfix\" data-tab=\"1\" role=\"region\" aria-labelledby=\"elementor-tab-title-1261\"><p>Para instruir devidamente cada processo, dever\u00e1 entregar, sempre, nos termos da Portaria n.\u00ba 71-A\/2024 de 27.02, os elementos abaixo indicados, para<strong> PROJETOS DE REDE PREDIAL DE \u00c1GUAS RESIDUAIS DOM\u00c9STICAS E PLUVIAIS<\/strong>:<\/p><ol><li>Requerimento para <span style=\"text-decoration: underline;\"><span style=\"color: #326da8; text-decoration: underline;\"><span style=\"color: #326da8;\"><strong><span style=\"color: #000000;\"><img decoding=\"async\" class=\"emoji\" role=\"img\" draggable=\"false\" src=\"https:\/\/s.w.org\/images\/core\/emoji\/14.0.0\/svg\/1f517.svg\" alt=\"\ud83d\udd17\" \/><\/span><\/strong><\/span><a style=\"color: #326da8; text-decoration: underline;\" href=\"https:\/\/www.simar-louresodivelas.pt\/wp-content\/uploads\/docs\/Mod6_Requerimento_pedido_apreciacao_projetos_AResiduais.pdf\" target=\"_blank\" rel=\"nofollow noopener\" data-wplink-url-error=\"true\">Pedido de Aprecia\u00e7\u00e3o de Projetos<\/a>;<\/span><\/span><\/li><li><span style=\"color: #326da8;\"><strong><a style=\"color: #326da8;\" href=\"https:\/\/www.simar-louresodivelas.pt\/wp-content\/uploads\/2024\/11\/Capa-Aguas-Residuais-Domesticas-e-Pluviais-2024.pdf\" target=\"_blank\" rel=\"noopener\" data-wplink-url-error=\"true\"><span style=\"color: #000000;\"><img decoding=\"async\" class=\"emoji\" role=\"img\" draggable=\"false\" src=\"https:\/\/s.w.org\/images\/core\/emoji\/14.0.0\/svg\/1f517.svg\" alt=\"\ud83d\udd17\" \/><\/span><\/a><span style=\"text-decoration: underline;\"><a style=\"color: #326da8; text-decoration: underline;\" href=\"https:\/\/www.simar-louresodivelas.pt\/wp-content\/uploads\/docs\/Capa_Aguas_Residuais_Domesticas_Pluviais.pdf\" target=\"_blank\" rel=\"noopener\" data-wplink-url-error=\"true\"> Ficha T\u00e9cnica para Projeto de \u00c1guas Residuais Dom\u00e9sticas e Pluviais<\/a><\/span>;<\/strong><\/span><\/li><li>Termo de responsabilidade do t\u00e9cnico autor do projeto;<\/li><li>Declara\u00e7\u00e3o atualizada da ordem profissional e respetivo seguro;<\/li><li>Planta de localiza\u00e7\u00e3o com cadastro das redes municipais a solicitar previamente aos SIMAR atrav\u00e9s do formul\u00e1rio on-line, dispon\u00edvel em <span style=\"color: #326da8;\"><strong><span style=\"color: #000000;\"><img decoding=\"async\" class=\"emoji\" role=\"img\" draggable=\"false\" src=\"https:\/\/s.w.org\/images\/core\/emoji\/14.0.0\/svg\/1f517.svg\" alt=\"\ud83d\udd17\" \/><\/span><\/strong><\/span><span style=\"text-decoration: underline;\"><a href=\"\/index.php\/plantas-de-cadastro\" target=\"_blank\" rel=\"noopener\"><span style=\"color: #326da8; text-decoration: underline;\"><strong>Plantas de Cadastro<\/strong><\/span><\/a><\/span>;<\/li><li>Mem\u00f3ria descritiva e justificativa na qual constem a descri\u00e7\u00e3o da conce\u00e7\u00e3o do sistema, materiais e demais exig\u00eancias regulamentares;<\/li><li>C\u00e1lculo Hidr\u00e1ulico, dos quais constem os crit\u00e9rios de dimensionamento do sistema, materiais e demais exig\u00eancias regulamentares;<\/li><li>Planta de implanta\u00e7\u00e3o com indica\u00e7\u00e3o de escala (dispens\u00e1vel se a planta do piso t\u00e9rreo incluir limites do lote com representa\u00e7\u00e3o dos muros e de todos os arranjos exteriores, tais como, escadas, rampas de acesso, floreiras, espa\u00e7os verdes, etc.)<\/li><li>Plantas de todos os pisos com representa\u00e7\u00e3o da rede, incluindo cobertura (escala 1:100);<\/li><li>Corte esquem\u00e1tico que inclua limite do lote e muros (quando aplic\u00e1vel) ou em alternativa perspetiva isom\u00e9trica (escala 1:100);<\/li><li>Pormenores t\u00e9cnicos que se entendam como necess\u00e1rios para uma boa interpreta\u00e7\u00e3o do projeto.<\/li><\/ol><\/div>\n\t\t\t\t<\/div>\n\t\t\t\t\t\t\t<div class=\"elementor-accordion-item\">\n\t\t\t\t\t<div id=\"elementor-tab-title-1262\" class=\"elementor-tab-title\" data-tab=\"2\" role=\"button\" aria-controls=\"elementor-tab-content-1262\" aria-expanded=\"false\">\n\t\t\t\t\t\t\t\t\t\t\t\t\t<span class=\"elementor-accordion-icon elementor-accordion-icon-right\" aria-hidden=\"true\">\n\t\t\t\t\t\t\t\t\t\t\t\t\t\t\t<span class=\"elementor-accordion-icon-closed\"><i class=\"fas fa-angle-down\"><\/i><\/span>\n\t\t\t\t\t\t\t\t<span class=\"elementor-accordion-icon-opened\"><i class=\"fas fa-angle-up\"><\/i><\/span>\n\t\t\t\t\t\t\t\t\t\t\t\t\t\t<\/span>\n\t\t\t\t\t\t\t\t\t\t\t\t<a class=\"elementor-accordion-title\" tabindex=\"0\">CORRE\u00c7\u00d5ES AO PROJETO - SOLICITADAS PELOS SIMAR<\/a>\n\t\t\t\t\t<\/div>\n\t\t\t\t\t<div id=\"elementor-tab-content-1262\" class=\"elementor-tab-content elementor-clearfix\" data-tab=\"2\" role=\"region\" aria-labelledby=\"elementor-tab-title-1262\"><p>Em caso dos SIMAR solicitarem corre\u00e7\u00f5es ao projeto, dever\u00e1 ser utilizado requerimento pr\u00f3prio para o efeito, <span style=\"color: #326da8;\"><strong><span style=\"color: #000000;\"><img decoding=\"async\" class=\"emoji\" role=\"img\" draggable=\"false\" src=\"https:\/\/s.w.org\/images\/core\/emoji\/14.0.0\/svg\/1f517.svg\" alt=\"\ud83d\udd17\" \/><\/span><\/strong><\/span><span style=\"text-decoration: underline;\"><span style=\"color: #326da8;\"><a style=\"color: #326da8; text-decoration: underline;\" href=\"https:\/\/www.simar-louresodivelas.pt\/wp-content\/uploads\/2024\/11\/Mod-6A-Requerimento-pedido-de-apreciacao-de-correcoes-ao-Projeto_09_2023_selo_agua_2024-1.pdf\" target=\"_blank\" rel=\"noopener\" data-wplink-url-error=\"true\">Pedido de Aprecia\u00e7\u00e3o de Corre\u00e7\u00f5es de Projetos<\/a><\/span><\/span> e os novos ficheiros devem ser\u00a0 anexados, devidamente identificados, e com indica\u00e7\u00e3o que substituem a vers\u00e3o anterior.<\/p><\/div>\n\t\t\t\t<\/div>\n\t\t\t\t\t\t\t<div class=\"elementor-accordion-item\">\n\t\t\t\t\t<div id=\"elementor-tab-title-1263\" class=\"elementor-tab-title\" data-tab=\"3\" role=\"button\" aria-controls=\"elementor-tab-content-1263\" aria-expanded=\"false\">\n\t\t\t\t\t\t\t\t\t\t\t\t\t<span class=\"elementor-accordion-icon elementor-accordion-icon-right\" aria-hidden=\"true\">\n\t\t\t\t\t\t\t\t\t\t\t\t\t\t\t<span class=\"elementor-accordion-icon-closed\"><i class=\"fas fa-angle-down\"><\/i><\/span>\n\t\t\t\t\t\t\t\t<span class=\"elementor-accordion-icon-opened\"><i class=\"fas fa-angle-up\"><\/i><\/span>\n\t\t\t\t\t\t\t\t\t\t\t\t\t\t<\/span>\n\t\t\t\t\t\t\t\t\t\t\t\t<a class=\"elementor-accordion-title\" tabindex=\"0\">REGRAS A TER EM CONSIDERA\u00c7\u00c3O<\/a>\n\t\t\t\t\t<\/div>\n\t\t\t\t\t<div id=\"elementor-tab-content-1263\" class=\"elementor-tab-content elementor-clearfix\" data-tab=\"3\" role=\"region\" aria-labelledby=\"elementor-tab-title-1263\"><p>O di\u00e2metro m\u00ednimo do ramal de liga\u00e7\u00e3o a rede \u00e9 de 160 mm.<\/p><p>Altura (h) das caixas de ramal de liga\u00e7\u00e3o de at\u00e9 1 m.<\/p><\/div>\n\t\t\t\t<\/div>\n\t\t\t\t\t\t\t\t<\/div>\n\t\t\t\t\t\t<\/div>\n\t\t\t\t<\/div>\n\t\t\t\t\t<\/div>\n\t\t<\/div>\n\t\t\t\t\t<\/div>\n\t\t<\/section>\n\t\t\t\t<section class=\"elementor-section elementor-top-section elementor-element elementor-element-b06a68a elementor-section-boxed elementor-section-height-default elementor-section-height-default\" data-id=\"b06a68a\" data-element_type=\"section\">\n\t\t\t\t\t\t<div class=\"elementor-container elementor-column-gap-default\">\n\t\t\t\t\t<div class=\"aux-parallax-section elementor-column elementor-col-100 elementor-top-column elementor-element elementor-element-6c23d00\" data-id=\"6c23d00\" data-element_type=\"column\">\n\t\t\t<div class=\"elementor-widget-wrap elementor-element-populated\">\n\t\t\t\t\t\t<div class=\"elementor-element elementor-element-503b231 elementor-widget elementor-widget-html\" data-id=\"503b231\" data-element_type=\"widget\" data-widget_type=\"html.default\">\n\t\t\t\t<div class=\"elementor-widget-container\">\n\t\t\t\t\t<script src=\"data:text\/javascript;base64,alF1ZXJ5KGRvY3VtZW50KS5yZWFkeShmdW5jdGlvbigkKXt2YXIgZGVsYXk9MTAwO3NldFRpbWVvdXQoZnVuY3Rpb24oKXskKCcuZWxlbWVudG9yLXRhYi10aXRsZScpLnJlbW92ZUNsYXNzKCdlbGVtZW50b3ItYWN0aXZlJyk7JCgnLmVsZW1lbnRvci10YWItY29udGVudCcpLmNzcygnZGlzcGxheScsJ25vbmUnKX0sZGVsYXkpfSk=\" defer><\/script>\n\t\t\t\t<\/div>\n\t\t\t\t<\/div>\n\t\t\t\t\t<\/div>\n\t\t<\/div>\n\t\t\t\t\t<\/div>\n\t\t<\/section>\n\t\t\t\t<\/div>\n\t\t","protected":false},"excerpt":{"rendered":"<p>No cumprimento do disposto no Decreto-Lei n\u00ba555\/99 de 16\/12 na reda\u00e7\u00e3o do Decreto-Lei n\u00ba10\/2024 de 08.01 do Regime Jur\u00eddico da Urbaniza\u00e7\u00e3o e Edifica\u00e7\u00e3o, a aprecia\u00e7\u00e3o de projetos pelos SIMAR de Loures e Odivelas incidir\u00e1 na an\u00e1lise e verifica\u00e7\u00e3o da conformidade das condi\u00e7\u00f5es de liga\u00e7\u00e3o \u00e0s redes p\u00fablicas, bem como, o cumprimento da legisla\u00e7\u00e3o vigente no [&hellip;]<\/p>\n","protected":false},"author":1,"featured_media":0,"parent":0,"menu_order":0,"comment_status":"closed","ping_status":"closed","template":"","meta":{"_monsterinsights_skip_tracking":false,"_monsterinsights_sitenote_active":false,"_monsterinsights_sitenote_note":"","_monsterinsights_sitenote_category":0,"_uf_show_specific_survey":0,"_uf_disable_surveys":false,"footnotes":""},"class_list":["post-5969","page","type-page","status-publish","hentry"],"aioseo_notices":[],"_links":{"self":[{"href":"https:\/\/www.simar-louresodivelas.pt\/index.php\/wp-json\/wp\/v2\/pages\/5969","targetHints":{"allow":["GET"]}}],"collection":[{"href":"https:\/\/www.simar-louresodivelas.pt\/index.php\/wp-json\/wp\/v2\/pages"}],"about":[{"href":"https:\/\/www.simar-louresodivelas.pt\/index.php\/wp-json\/wp\/v2\/types\/page"}],"author":[{"embeddable":true,"href":"https:\/\/www.simar-louresodivelas.pt\/index.php\/wp-json\/wp\/v2\/users\/1"}],"replies":[{"embeddable":true,"href":"https:\/\/www.simar-louresodivelas.pt\/index.php\/wp-json\/wp\/v2\/comments?post=5969"}],"version-history":[{"count":110,"href":"https:\/\/www.simar-louresodivelas.pt\/index.php\/wp-json\/wp\/v2\/pages\/5969\/revisions"}],"predecessor-version":[{"id":36774,"href":"https:\/\/www.simar-louresodivelas.pt\/index.php\/wp-json\/wp\/v2\/pages\/5969\/revisions\/36774"}],"wp:attachment":[{"href":"https:\/\/www.simar-louresodivelas.pt\/index.php\/wp-json\/wp\/v2\/media?parent=5969"}],"curies":[{"name":"wp","href":"https:\/\/api.w.org\/{rel}","templated":true}]}}