{"id":1640,"date":"2023-05-22T10:46:23","date_gmt":"2023-05-22T10:46:23","guid":{"rendered":"http:\/\/websimar01\/simar\/?page_id=1640"},"modified":"2025-01-03T11:36:02","modified_gmt":"2025-01-03T11:36:02","slug":"perguntar-frequentes-ru","status":"publish","type":"page","link":"https:\/\/www.simar-louresodivelas.pt\/index.php\/perguntar-frequentes-ru","title":{"rendered":"Perguntar frequentes RU"},"content":{"rendered":"\t\t<div data-elementor-type=\"wp-page\" data-elementor-id=\"1640\" class=\"elementor elementor-1640\">\n\t\t\t\t\t\t<section class=\"elementor-section elementor-top-section elementor-element elementor-element-9d0a928 elementor-section-full_width elementor-section-stretched elementor-section-height-default elementor-section-height-default\" data-id=\"9d0a928\" data-element_type=\"section\" data-settings=\"{&quot;stretch_section&quot;:&quot;section-stretched&quot;,&quot;background_background&quot;:&quot;classic&quot;}\">\n\t\t\t\t\t\t<div class=\"elementor-container elementor-column-gap-default\">\n\t\t\t\t\t<div class=\"aux-parallax-section elementor-column elementor-col-100 elementor-top-column elementor-element elementor-element-8c6c76a\" data-id=\"8c6c76a\" data-element_type=\"column\">\n\t\t\t<div class=\"elementor-widget-wrap elementor-element-populated\">\n\t\t\t\t\t\t<div class=\"elementor-element elementor-element-d1cc698 elementor-widget elementor-widget-image\" data-id=\"d1cc698\" data-element_type=\"widget\" data-widget_type=\"image.default\">\n\t\t\t\t<div class=\"elementor-widget-container\">\n\t\t\t\t\t\t\t\t\t\t\t\t\t\t\t<img decoding=\"async\" src=\"https:\/\/www.simar-louresodivelas.pt\/wp-content\/uploads\/2023\/09\/perguntas-frequentes-2.jpg\" title=\"perguntas frequentes\" alt=\"perguntas frequentes\" loading=\"lazy\" \/>\t\t\t\t\t\t\t\t\t\t\t\t\t\t\t<\/div>\n\t\t\t\t<\/div>\n\t\t\t\t\t<\/div>\n\t\t<\/div>\n\t\t\t\t\t<\/div>\n\t\t<\/section>\n\t\t\t\t<section class=\"elementor-section elementor-top-section elementor-element elementor-element-67dd5b2 elementor-section-boxed elementor-section-height-default elementor-section-height-default\" data-id=\"67dd5b2\" data-element_type=\"section\">\n\t\t\t\t\t\t<div class=\"elementor-container elementor-column-gap-default\">\n\t\t\t\t\t<div class=\"aux-parallax-section elementor-column elementor-col-100 elementor-top-column elementor-element elementor-element-c0b1dbc\" data-id=\"c0b1dbc\" data-element_type=\"column\">\n\t\t\t<div class=\"elementor-widget-wrap elementor-element-populated\">\n\t\t\t\t\t\t<div class=\"elementor-element elementor-element-8187a44 elementor-widget-divider--view-line_icon elementor-view-default elementor-widget-divider--element-align-center elementor-widget elementor-widget-divider\" data-id=\"8187a44\" data-element_type=\"widget\" data-widget_type=\"divider.default\">\n\t\t\t\t<div class=\"elementor-widget-container\">\n\t\t\t\t\t\t\t<div class=\"elementor-divider\">\n\t\t\t<span class=\"elementor-divider-separator\">\n\t\t\t\t\t\t\t<div class=\"elementor-icon elementor-divider__element\">\n\t\t\t\t\t<i aria-hidden=\"true\" class=\"fas fa-question\"><\/i><\/div>\n\t\t\t\t\t\t<\/span>\n\t\t<\/div>\n\t\t\t\t\t\t<\/div>\n\t\t\t\t<\/div>\n\t\t\t\t\t<\/div>\n\t\t<\/div>\n\t\t\t\t\t<\/div>\n\t\t<\/section>\n\t\t\t\t<section class=\"elementor-section elementor-top-section elementor-element elementor-element-2418d5b elementor-section-boxed elementor-section-height-default elementor-section-height-default\" data-id=\"2418d5b\" data-element_type=\"section\">\n\t\t\t\t\t\t<div class=\"elementor-container elementor-column-gap-default\">\n\t\t\t\t\t<div class=\"aux-parallax-section elementor-column elementor-col-100 elementor-top-column elementor-element elementor-element-73d6a6c\" data-id=\"73d6a6c\" data-element_type=\"column\">\n\t\t\t<div class=\"elementor-widget-wrap elementor-element-populated\">\n\t\t\t\t\t\t<div class=\"elementor-element elementor-element-ea13d17 elementor-widget elementor-widget-accordion\" data-id=\"ea13d17\" data-element_type=\"widget\" data-widget_type=\"accordion.default\">\n\t\t\t\t<div class=\"elementor-widget-container\">\n\t\t\t\t\t\t\t<div class=\"elementor-accordion\">\n\t\t\t\t\t\t\t<div class=\"elementor-accordion-item\">\n\t\t\t\t\t<div id=\"elementor-tab-title-2451\" class=\"elementor-tab-title\" data-tab=\"1\" role=\"button\" aria-controls=\"elementor-tab-content-2451\" aria-expanded=\"false\">\n\t\t\t\t\t\t\t\t\t\t\t\t\t<span class=\"elementor-accordion-icon elementor-accordion-icon-right\" aria-hidden=\"true\">\n\t\t\t\t\t\t\t\t\t\t\t\t\t\t\t<span class=\"elementor-accordion-icon-closed\"><i class=\"fas fa-angle-down\"><\/i><\/span>\n\t\t\t\t\t\t\t\t<span class=\"elementor-accordion-icon-opened\"><i class=\"fas fa-angle-up\"><\/i><\/span>\n\t\t\t\t\t\t\t\t\t\t\t\t\t\t<\/span>\n\t\t\t\t\t\t\t\t\t\t\t\t<a class=\"elementor-accordion-title\" tabindex=\"0\"> 1. Como posso solicitar um contentor ou ecoponto para a zona onde vivo?<\/a>\n\t\t\t\t\t<\/div>\n\t\t\t\t\t<div id=\"elementor-tab-content-2451\" class=\"elementor-tab-content elementor-clearfix\" data-tab=\"1\" role=\"region\" aria-labelledby=\"elementor-tab-title-2451\"><p>Deve fornecer o seu n\u00famero de cliente, nome e morada para a qual pretende o contentor ou ecoponto. Dever\u00e1 tamb\u00e9m deixar o seu contacto para que, ap\u00f3s a an\u00e1lise dos nossos t\u00e9cnicos, possa ser informado do resultado do seu pedido.<\/p><\/div>\n\t\t\t\t<\/div>\n\t\t\t\t\t\t\t<div class=\"elementor-accordion-item\">\n\t\t\t\t\t<div id=\"elementor-tab-title-2452\" class=\"elementor-tab-title\" data-tab=\"2\" role=\"button\" aria-controls=\"elementor-tab-content-2452\" aria-expanded=\"false\">\n\t\t\t\t\t\t\t\t\t\t\t\t\t<span class=\"elementor-accordion-icon elementor-accordion-icon-right\" aria-hidden=\"true\">\n\t\t\t\t\t\t\t\t\t\t\t\t\t\t\t<span class=\"elementor-accordion-icon-closed\"><i class=\"fas fa-angle-down\"><\/i><\/span>\n\t\t\t\t\t\t\t\t<span class=\"elementor-accordion-icon-opened\"><i class=\"fas fa-angle-up\"><\/i><\/span>\n\t\t\t\t\t\t\t\t\t\t\t\t\t\t<\/span>\n\t\t\t\t\t\t\t\t\t\t\t\t<a class=\"elementor-accordion-title\" tabindex=\"0\">2. Como posso solicitar a lavagem dos contentores?<\/a>\n\t\t\t\t\t<\/div>\n\t\t\t\t\t<div id=\"elementor-tab-content-2452\" class=\"elementor-tab-content elementor-clearfix\" data-tab=\"2\" role=\"region\" aria-labelledby=\"elementor-tab-title-2452\"><p>Relativamente aos <a href=\"\/index.php\/tipos-de-equipamentos\" target=\"_blank\" rel=\"noopener\"><span style=\"color: #326da8;\"><span style=\"text-decoration: underline;\">contentores de<\/span><\/span><\/a><a href=\"\/index.php\/tipos-de-equipamentos\" target=\"_blank\" rel=\"noopener\"><span style=\"color: #326da8;\"><span style=\"text-decoration: underline;\"> proximidade<\/span><\/span><\/a> deve fornecer o seu n\u00famero de cliente, nome, morada e localiza\u00e7\u00e3o dos contentores que pretende que sejam lavados. Dever\u00e1 deixar um contacto para que, ap\u00f3s a an\u00e1lise dos nossos t\u00e9cnicos, possa ser informado do resultado do seu pedido.<\/p><p>No que se refere aos <span style=\"text-decoration: underline;\"><a href=\"\/index.php\/tipos-de-equipamentos\" target=\"_blank\" rel=\"noopener\"><span style=\"color: #326da8; text-decoration: underline;\">contentores individuais<\/span><\/a><\/span>, atribu\u00eddos aos utilizadores em zonas servidas por um sistema de <a href=\"\/index.php\/tipos-de-recolha\" target=\"_blank\" rel=\"noopener\"><span style=\"color: #326da8;\"><span style=\"text-decoration: underline;\">Recolha Porta-a-Porta<\/span><\/span><\/a><span style=\"text-decoration: underline;\">,<\/span> a lavagem \u00e9 da responsabilidade dos utilizadores.<\/p><\/div>\n\t\t\t\t<\/div>\n\t\t\t\t\t\t\t<div class=\"elementor-accordion-item\">\n\t\t\t\t\t<div id=\"elementor-tab-title-2453\" class=\"elementor-tab-title\" data-tab=\"3\" role=\"button\" aria-controls=\"elementor-tab-content-2453\" aria-expanded=\"false\">\n\t\t\t\t\t\t\t\t\t\t\t\t\t<span class=\"elementor-accordion-icon elementor-accordion-icon-right\" aria-hidden=\"true\">\n\t\t\t\t\t\t\t\t\t\t\t\t\t\t\t<span class=\"elementor-accordion-icon-closed\"><i class=\"fas fa-angle-down\"><\/i><\/span>\n\t\t\t\t\t\t\t\t<span class=\"elementor-accordion-icon-opened\"><i class=\"fas fa-angle-up\"><\/i><\/span>\n\t\t\t\t\t\t\t\t\t\t\t\t\t\t<\/span>\n\t\t\t\t\t\t\t\t\t\t\t\t<a class=\"elementor-accordion-title\" tabindex=\"0\">3. O que fazer com os m\u00f3veis que j\u00e1 n\u00e3o necessito?<\/a>\n\t\t\t\t\t<\/div>\n\t\t\t\t\t<div id=\"elementor-tab-content-2453\" class=\"elementor-tab-content elementor-clearfix\" data-tab=\"3\" role=\"region\" aria-labelledby=\"elementor-tab-title-2453\"><p>Em primeiro lugar, verifique se os mesmos podem ser reutilizados, procurando na sua \u00e1rea de resid\u00eancia, ou junto da sua Junta de Freguesia, se existe alguma associa\u00e7\u00e3o a quem esses objetos possam ainda servir ou se existe alguma entidade que promova a recupera\u00e7\u00e3o de m\u00f3veis para lhes dar uma nova vida. Se n\u00e3o for poss\u00edvel consulte a informa\u00e7\u00e3o relativa aos <span style=\"text-decoration: underline;\"><a href=\"\/index.php\/residuos-volumosos\" target=\"_blank\" rel=\"noopener\"><span style=\"color: #326da8; text-decoration: underline;\">res\u00edduos volumosos<\/span><\/a>.<\/span><\/p><\/div>\n\t\t\t\t<\/div>\n\t\t\t\t\t\t\t<div class=\"elementor-accordion-item\">\n\t\t\t\t\t<div id=\"elementor-tab-title-2454\" class=\"elementor-tab-title\" data-tab=\"4\" role=\"button\" aria-controls=\"elementor-tab-content-2454\" aria-expanded=\"false\">\n\t\t\t\t\t\t\t\t\t\t\t\t\t<span class=\"elementor-accordion-icon elementor-accordion-icon-right\" aria-hidden=\"true\">\n\t\t\t\t\t\t\t\t\t\t\t\t\t\t\t<span class=\"elementor-accordion-icon-closed\"><i class=\"fas fa-angle-down\"><\/i><\/span>\n\t\t\t\t\t\t\t\t<span class=\"elementor-accordion-icon-opened\"><i class=\"fas fa-angle-up\"><\/i><\/span>\n\t\t\t\t\t\t\t\t\t\t\t\t\t\t<\/span>\n\t\t\t\t\t\t\t\t\t\t\t\t<a class=\"elementor-accordion-title\" tabindex=\"0\">4. O que \u00e9 que acontece ao lixo que deposito no contentor para indiferenciados?<\/a>\n\t\t\t\t\t<\/div>\n\t\t\t\t\t<div id=\"elementor-tab-content-2454\" class=\"elementor-tab-content elementor-clearfix\" data-tab=\"4\" role=\"region\" aria-labelledby=\"elementor-tab-title-2454\"><p>Os res\u00edduos depositados nos contentores de res\u00edduos indiferenciados (res\u00edduos que n\u00e3o podem ser reciclados e que s\u00e3o colocados no caixote do lixo comum) s\u00e3o encaminhados para valoriza\u00e7\u00e3o energ\u00e9tica na <a href=\"https:\/\/www.valorsul.pt\/pt\/valorsul\/visitar-a-valorsul\/visita-a-central-de-tratamento-de-residuos-solidos-urbanos\/\" target=\"_blank\" rel=\"noopener\"><span style=\"text-decoration: underline;\"><span style=\"color: #326da8; text-decoration: underline;\">Central de Tratamento de Res\u00edduos S\u00f3lidos Urbanos da Valorsul<\/span><\/span><\/a><strong><i>.<\/i><\/strong><\/p><\/div>\n\t\t\t\t<\/div>\n\t\t\t\t\t\t\t<div class=\"elementor-accordion-item\">\n\t\t\t\t\t<div id=\"elementor-tab-title-2455\" class=\"elementor-tab-title\" data-tab=\"5\" role=\"button\" aria-controls=\"elementor-tab-content-2455\" aria-expanded=\"false\">\n\t\t\t\t\t\t\t\t\t\t\t\t\t<span class=\"elementor-accordion-icon elementor-accordion-icon-right\" aria-hidden=\"true\">\n\t\t\t\t\t\t\t\t\t\t\t\t\t\t\t<span class=\"elementor-accordion-icon-closed\"><i class=\"fas fa-angle-down\"><\/i><\/span>\n\t\t\t\t\t\t\t\t<span class=\"elementor-accordion-icon-opened\"><i class=\"fas fa-angle-up\"><\/i><\/span>\n\t\t\t\t\t\t\t\t\t\t\t\t\t\t<\/span>\n\t\t\t\t\t\t\t\t\t\t\t\t<a class=\"elementor-accordion-title\" tabindex=\"0\">5. Os pratos, os copos e as pe\u00e7as de porcelana e cer\u00e2mica podem ir para o contentor destinado ao vidro?<\/a>\n\t\t\t\t\t<\/div>\n\t\t\t\t\t<div id=\"elementor-tab-content-2455\" class=\"elementor-tab-content elementor-clearfix\" data-tab=\"5\" role=\"region\" aria-labelledby=\"elementor-tab-title-2455\"><p>N\u00e3o. No Ecoponto Verde devemos colocar apenas garrafas, frascos e boi\u00f5es de vidro. Loi\u00e7as e cer\u00e2micas (copos, pratos, ch\u00e1venas, etc.), vidros de janela, devem ser depositados no contentor para <span style=\"text-decoration: underline;\"><span style=\"color: #326da8; text-decoration: underline;\"><a style=\"color: #326da8; text-decoration: underline;\" href=\"\/index.php\/residuos-indiferenciados\" target=\"_blank\" rel=\"noopener\">res\u00edduos indiferenciados<\/a><\/span><\/span>. A diferen\u00e7a da sua composi\u00e7\u00e3o pode\u00a0provocar instabilidade no vidro fundido e reutilizado.<\/p><\/div>\n\t\t\t\t<\/div>\n\t\t\t\t\t\t\t<div class=\"elementor-accordion-item\">\n\t\t\t\t\t<div id=\"elementor-tab-title-2456\" class=\"elementor-tab-title\" data-tab=\"6\" role=\"button\" aria-controls=\"elementor-tab-content-2456\" aria-expanded=\"false\">\n\t\t\t\t\t\t\t\t\t\t\t\t\t<span class=\"elementor-accordion-icon elementor-accordion-icon-right\" aria-hidden=\"true\">\n\t\t\t\t\t\t\t\t\t\t\t\t\t\t\t<span class=\"elementor-accordion-icon-closed\"><i class=\"fas fa-angle-down\"><\/i><\/span>\n\t\t\t\t\t\t\t\t<span class=\"elementor-accordion-icon-opened\"><i class=\"fas fa-angle-up\"><\/i><\/span>\n\t\t\t\t\t\t\t\t\t\t\t\t\t\t<\/span>\n\t\t\t\t\t\t\t\t\t\t\t\t<a class=\"elementor-accordion-title\" tabindex=\"0\">6. Onde posso colocar os frascos de perfume vazios?<\/a>\n\t\t\t\t\t<\/div>\n\t\t\t\t\t<div id=\"elementor-tab-content-2456\" class=\"elementor-tab-content elementor-clearfix\" data-tab=\"6\" role=\"region\" aria-labelledby=\"elementor-tab-title-2456\"><p>Os frascos de perfume de vidro devem ser depositados no contentor de vidro, bem como frascos e boi\u00f5es. O vidro \u00e9 um material pass\u00edvel de ser reaproveitado a 100% sem perder qualquer caracter\u00edstica e qualidade de um vidro feito a partir de mat\u00e9ria-prima virgem.<\/p><\/div>\n\t\t\t\t<\/div>\n\t\t\t\t\t\t\t<div class=\"elementor-accordion-item\">\n\t\t\t\t\t<div id=\"elementor-tab-title-2457\" class=\"elementor-tab-title\" data-tab=\"7\" role=\"button\" aria-controls=\"elementor-tab-content-2457\" aria-expanded=\"false\">\n\t\t\t\t\t\t\t\t\t\t\t\t\t<span class=\"elementor-accordion-icon elementor-accordion-icon-right\" aria-hidden=\"true\">\n\t\t\t\t\t\t\t\t\t\t\t\t\t\t\t<span class=\"elementor-accordion-icon-closed\"><i class=\"fas fa-angle-down\"><\/i><\/span>\n\t\t\t\t\t\t\t\t<span class=\"elementor-accordion-icon-opened\"><i class=\"fas fa-angle-up\"><\/i><\/span>\n\t\t\t\t\t\t\t\t\t\t\t\t\t\t<\/span>\n\t\t\t\t\t\t\t\t\t\t\t\t<a class=\"elementor-accordion-title\" tabindex=\"0\">7. N\u00e3o vale a pena separar o lixo porque depois ele \u00e9 todo misturado?<\/a>\n\t\t\t\t\t<\/div>\n\t\t\t\t\t<div id=\"elementor-tab-content-2457\" class=\"elementor-tab-content elementor-clearfix\" data-tab=\"7\" role=\"region\" aria-labelledby=\"elementor-tab-title-2457\"><p>Algumas viaturas de recolha de ecopontos s\u00e3o bipartidas. Ou seja, t\u00eam dois compartimentos separados, permitindo a recolha de dois materiais em simult\u00e2neo sem que haja mistura dos mesmos. Poder\u00e1 tamb\u00e9m acontecer uma situa\u00e7\u00e3o de contamina\u00e7\u00e3o do conte\u00fado de um ecoponto, levando a que este seja recolhido pela viatura que recolhe os <span style=\"text-decoration: underline;\"><span style=\"color: #326da8; text-decoration: underline;\"><a style=\"color: #326da8; text-decoration: underline;\" href=\"\/index.php\/residuos-indiferenciados\" target=\"_blank\" rel=\"noopener\">res\u00edduos indiferenciados<\/a><\/span><\/span>.<\/p><\/div>\n\t\t\t\t<\/div>\n\t\t\t\t\t\t\t<div class=\"elementor-accordion-item\">\n\t\t\t\t\t<div id=\"elementor-tab-title-2458\" class=\"elementor-tab-title\" data-tab=\"8\" role=\"button\" aria-controls=\"elementor-tab-content-2458\" aria-expanded=\"false\">\n\t\t\t\t\t\t\t\t\t\t\t\t\t<span class=\"elementor-accordion-icon elementor-accordion-icon-right\" aria-hidden=\"true\">\n\t\t\t\t\t\t\t\t\t\t\t\t\t\t\t<span class=\"elementor-accordion-icon-closed\"><i class=\"fas fa-angle-down\"><\/i><\/span>\n\t\t\t\t\t\t\t\t<span class=\"elementor-accordion-icon-opened\"><i class=\"fas fa-angle-up\"><\/i><\/span>\n\t\t\t\t\t\t\t\t\t\t\t\t\t\t<\/span>\n\t\t\t\t\t\t\t\t\t\t\t\t<a class=\"elementor-accordion-title\" tabindex=\"0\">8. O que acontece aos materiais que separo nos ecopontos?<\/a>\n\t\t\t\t\t<\/div>\n\t\t\t\t\t<div id=\"elementor-tab-content-2458\" class=\"elementor-tab-content elementor-clearfix\" data-tab=\"8\" role=\"region\" aria-labelledby=\"elementor-tab-title-2458\"><p>Os materiais depositados nos ecopontos s\u00e3o encaminhados para o Centro de Triagem da <span style=\"color: #325da8;\"><a style=\"color: #325da8;\" href=\"http:\/\/www.valorsul.pt\/pt\/\" target=\"_blank\" rel=\"noopener\"><span style=\"text-decoration: underline;\">Valorsul<\/span><\/a><\/span>, onde s\u00e3o separados, por forma a serem encaminhados para a ind\u00fastria recicladora.<\/p><\/div>\n\t\t\t\t<\/div>\n\t\t\t\t\t\t\t<div class=\"elementor-accordion-item\">\n\t\t\t\t\t<div id=\"elementor-tab-title-2459\" class=\"elementor-tab-title\" data-tab=\"9\" role=\"button\" aria-controls=\"elementor-tab-content-2459\" aria-expanded=\"false\">\n\t\t\t\t\t\t\t\t\t\t\t\t\t<span class=\"elementor-accordion-icon elementor-accordion-icon-right\" aria-hidden=\"true\">\n\t\t\t\t\t\t\t\t\t\t\t\t\t\t\t<span class=\"elementor-accordion-icon-closed\"><i class=\"fas fa-angle-down\"><\/i><\/span>\n\t\t\t\t\t\t\t\t<span class=\"elementor-accordion-icon-opened\"><i class=\"fas fa-angle-up\"><\/i><\/span>\n\t\t\t\t\t\t\t\t\t\t\t\t\t\t<\/span>\n\t\t\t\t\t\t\t\t\t\t\t\t<a class=\"elementor-accordion-title\" tabindex=\"0\">9. O que s\u00e3o res\u00edduos org\u00e2nicos ou res\u00edduos alimentares? Como posso participar na sua separa\u00e7\u00e3o?<\/a>\n\t\t\t\t\t<\/div>\n\t\t\t\t\t<div id=\"elementor-tab-content-2459\" class=\"elementor-tab-content elementor-clearfix\" data-tab=\"9\" role=\"region\" aria-labelledby=\"elementor-tab-title-2459\"><p>Res\u00edduos org\u00e2nicos s\u00e3o res\u00edduos resultantes da prepara\u00e7\u00e3o, confe\u00e7\u00e3o e restos de refei\u00e7\u00f5es. Estes res\u00edduos devem depois ser depositados nos contentores castanhos com a designa\u00e7\u00e3o <em>org\u00e2nicos<\/em>. Consulte aqui as <span style=\"text-decoration: underline;\"><a href=\"https:\/\/www.simar-louresodivelas.pt\/index.php\/valorizacao-biorresiduos\" target=\"_blank\" rel=\"noopener\"><span style=\"color: #326da8; text-decoration: underline;\">zonas abrangidas<\/span><\/a><\/span> por esta recolha.<\/p><p>Pretende-se que a recolha de org\u00e2nicos esteja dispon\u00edvel em toda a \u00e1rea geogr\u00e1fica dos concelhos de Loures e Odivelas, pelo que chegar\u00e1 a sua zona, caso ainda n\u00e3o exista. Fique atento \u00e0s campanhas de divulga\u00e7\u00e3o.<\/p><p>Se tem um estabelecimento HORECA e ainda n\u00e3o tem o seu contentor castanho contacte-nos pelo 219 848 500 ou envie email para: <span style=\"text-decoration: underline; color: #316cb5;\"><a style=\"color: #316cb5; text-decoration: underline;\" href=\"mailto:geral@simar-louresodivelas.pt\">geral@simar-louresodivelas.pt<\/a><\/span><\/p><p>Entramos em contacto consigo!\u00a0 <br \/>A recolha destes res\u00edduos \u00e9 efetuada diariamente de domingo a 6.\u00aa feira.<\/p><\/div>\n\t\t\t\t<\/div>\n\t\t\t\t\t\t\t<div class=\"elementor-accordion-item\">\n\t\t\t\t\t<div id=\"elementor-tab-title-24510\" class=\"elementor-tab-title\" data-tab=\"10\" role=\"button\" aria-controls=\"elementor-tab-content-24510\" aria-expanded=\"false\">\n\t\t\t\t\t\t\t\t\t\t\t\t\t<span class=\"elementor-accordion-icon elementor-accordion-icon-right\" aria-hidden=\"true\">\n\t\t\t\t\t\t\t\t\t\t\t\t\t\t\t<span class=\"elementor-accordion-icon-closed\"><i class=\"fas fa-angle-down\"><\/i><\/span>\n\t\t\t\t\t\t\t\t<span class=\"elementor-accordion-icon-opened\"><i class=\"fas fa-angle-up\"><\/i><\/span>\n\t\t\t\t\t\t\t\t\t\t\t\t\t\t<\/span>\n\t\t\t\t\t\t\t\t\t\t\t\t<a class=\"elementor-accordion-title\" tabindex=\"0\">10. Posso depositar os res\u00edduos org\u00e2nicos dentro de um saco?<\/a>\n\t\t\t\t\t<\/div>\n\t\t\t\t\t<div id=\"elementor-tab-content-24510\" class=\"elementor-tab-content elementor-clearfix\" data-tab=\"10\" role=\"region\" aria-labelledby=\"elementor-tab-title-24510\"><p>Sim, preferencialmente em sacos biodegrad\u00e1veis ou de papel. No entanto, a deposi\u00e7\u00e3o dos res\u00edduos org\u00e2nicos num saco de pl\u00e1stico n\u00e3o inviabiliza a sua valoriza\u00e7\u00e3o.<\/p><\/div>\n\t\t\t\t<\/div>\n\t\t\t\t\t\t\t<div class=\"elementor-accordion-item\">\n\t\t\t\t\t<div id=\"elementor-tab-title-24511\" class=\"elementor-tab-title\" data-tab=\"11\" role=\"button\" aria-controls=\"elementor-tab-content-24511\" aria-expanded=\"false\">\n\t\t\t\t\t\t\t\t\t\t\t\t\t<span class=\"elementor-accordion-icon elementor-accordion-icon-right\" aria-hidden=\"true\">\n\t\t\t\t\t\t\t\t\t\t\t\t\t\t\t<span class=\"elementor-accordion-icon-closed\"><i class=\"fas fa-angle-down\"><\/i><\/span>\n\t\t\t\t\t\t\t\t<span class=\"elementor-accordion-icon-opened\"><i class=\"fas fa-angle-up\"><\/i><\/span>\n\t\t\t\t\t\t\t\t\t\t\t\t\t\t<\/span>\n\t\t\t\t\t\t\t\t\t\t\t\t<a class=\"elementor-accordion-title\" tabindex=\"0\">11. Na minha rua s\u00e3o feitas frequentemente descargas indevidas de res\u00edduos. O que devo fazer?<\/a>\n\t\t\t\t\t<\/div>\n\t\t\t\t\t<div id=\"elementor-tab-content-24511\" class=\"elementor-tab-content elementor-clearfix\" data-tab=\"11\" role=\"region\" aria-labelledby=\"elementor-tab-title-24511\"><p>Dever\u00e1 informar a<span style=\"color: #000000;\"> Pol\u00edcia Municipal\u00a0<\/span>ou a entidade fiscalizadora do seu munic\u00edpio. A estes cabe realizar a fiscaliza\u00e7\u00e3o de atividades de gest\u00e3o e\/ou produ\u00e7\u00e3o de res\u00edduos, e o cumprimento do <a href=\"\/wp-content\/uploads\/2023\/11\/4_regulamento_de_res_c3_adduos_s_c3_b3lidos_e_limpeza_p_c3_bablica_do_munic_c3_adpio_de_loures_1_.pdf\" target=\"_blank\" rel=\"noopener\"><span style=\"color: #326da8;\"><span style=\"color: #326da8;\"><strong><span style=\"color: #000000;\">\ud83d\udd17<\/span><\/strong><\/span><\/span><\/a><span style=\"text-decoration: underline;\"><a href=\"\/wp-content\/uploads\/2023\/11\/4_regulamento_de_res_c3_adduos_s_c3_b3lidos_e_limpeza_p_c3_bablica_do_munic_c3_adpio_de_loures_1_.pdf\" target=\"_blank\" rel=\"noopener\"><span style=\"color: #326da8; text-decoration: underline;\">Regulamento de Res\u00edduos S\u00f3lidos e Limpeza P\u00fablica<\/span><\/a><\/span>.<\/p><p style=\"padding-left: 40px;\"><span style=\"text-decoration: underline;\"><span style=\"color: #326da8;\"><a style=\"color: #326da8; text-decoration: underline;\" href=\"https:\/\/www.cm-loures.pt\/Media\/Microsite\/Policiamunicipal\/Index.html\" target=\"_blank\" rel=\"noopener\">Pol\u00edcia Municipal de Loures<\/a><\/span><\/span><\/p><p style=\"padding-left: 40px;\"><a href=\"https:\/\/www.cm-odivelas.pt\/areas-de-intervencao\/fiscalizacao-municipal\" target=\"_blank\" rel=\"noopener\"><span style=\"color: #326da8;\"><span style=\"text-decoration: underline;\">Fiscaliza\u00e7\u00e3o Municipal de Odivelas<\/span><\/span><\/a><\/p><\/div>\n\t\t\t\t<\/div>\n\t\t\t\t\t\t\t<div class=\"elementor-accordion-item\">\n\t\t\t\t\t<div id=\"elementor-tab-title-24512\" class=\"elementor-tab-title\" data-tab=\"12\" role=\"button\" aria-controls=\"elementor-tab-content-24512\" aria-expanded=\"false\">\n\t\t\t\t\t\t\t\t\t\t\t\t\t<span class=\"elementor-accordion-icon elementor-accordion-icon-right\" aria-hidden=\"true\">\n\t\t\t\t\t\t\t\t\t\t\t\t\t\t\t<span class=\"elementor-accordion-icon-closed\"><i class=\"fas fa-angle-down\"><\/i><\/span>\n\t\t\t\t\t\t\t\t<span class=\"elementor-accordion-icon-opened\"><i class=\"fas fa-angle-up\"><\/i><\/span>\n\t\t\t\t\t\t\t\t\t\t\t\t\t\t<\/span>\n\t\t\t\t\t\t\t\t\t\t\t\t<a class=\"elementor-accordion-title\" tabindex=\"0\">12. Porque devo separar os \u00f3leos alimentares usados?<\/a>\n\t\t\t\t\t<\/div>\n\t\t\t\t\t<div id=\"elementor-tab-content-24512\" class=\"elementor-tab-content elementor-clearfix\" data-tab=\"12\" role=\"region\" aria-labelledby=\"elementor-tab-title-24512\"><p>Os \u00f3leos alimentares usados, quando indevidamente descarregados para o esgoto provocam problemas nos sistemas de tratamento de \u00e1guas residuais.<\/p><p>Uma fam\u00edlia de quatro pessoas consome em m\u00e9dia 1 litro de \u00f3leo por semana. 1 litro de \u00f3leo dom\u00e9stico deitado no ralo da banca da cozinha chega a contaminar de uma s\u00f3 vez 1 milh\u00e3o de litros de \u00e1gua, o suficiente para a sobreviv\u00eancia de uma pessoa, at\u00e9 aos 40 anos<\/p><p>\u00a0Os \u00f3leos alimentares usados podem ser valorizados em produtos como biodiesel e sab\u00e3o, sendo por isso essencial proceder \u00e0 recolha seletiva e encaminh\u00e1-los para destinos adequados.<\/p><p><span style=\"color: #326da8;\"><a href=\"https:\/\/indd.adobe.com\/view\/a36ec8c6-acf3-4f49-a67d-8c1ec2eec1a1\" target=\"_blank\" rel=\"noopener\"><span style=\"color: #000000;\">\ud83d\udd17 <\/span><\/a><span style=\"text-decoration: underline;\"><a href=\"https:\/\/www.cm-loures.pt\/media\/pdf\/PDF20230327114204535.pdf\" target=\"_blank\" rel=\"noopener\"><span style=\"color: #000000; text-decoration: underline;\"><span style=\"color: #326da8; text-decoration: underline;\">R<\/span><\/span><span style=\"color: #326da8; text-decoration: underline;\">ede Municipal de Recolha de \u00d3leo Alimentar Usado &#8211; Loures<\/span><\/a><\/span><\/span><\/p><\/div>\n\t\t\t\t<\/div>\n\t\t\t\t\t\t\t<div class=\"elementor-accordion-item\">\n\t\t\t\t\t<div id=\"elementor-tab-title-24513\" class=\"elementor-tab-title\" data-tab=\"13\" role=\"button\" aria-controls=\"elementor-tab-content-24513\" aria-expanded=\"false\">\n\t\t\t\t\t\t\t\t\t\t\t\t\t<span class=\"elementor-accordion-icon elementor-accordion-icon-right\" aria-hidden=\"true\">\n\t\t\t\t\t\t\t\t\t\t\t\t\t\t\t<span class=\"elementor-accordion-icon-closed\"><i class=\"fas fa-angle-down\"><\/i><\/span>\n\t\t\t\t\t\t\t\t<span class=\"elementor-accordion-icon-opened\"><i class=\"fas fa-angle-up\"><\/i><\/span>\n\t\t\t\t\t\t\t\t\t\t\t\t\t\t<\/span>\n\t\t\t\t\t\t\t\t\t\t\t\t<a class=\"elementor-accordion-title\" tabindex=\"0\">13. Vou realizar uma obra em casa. O que devo fazer com os res\u00edduos de constru\u00e7\u00e3o e demoli\u00e7\u00e3o? <\/a>\n\t\t\t\t\t<\/div>\n\t\t\t\t\t<div id=\"elementor-tab-content-24513\" class=\"elementor-tab-content elementor-clearfix\" data-tab=\"13\" role=\"region\" aria-labelledby=\"elementor-tab-title-24513\"><p>Os Res\u00edduos de Constru\u00e7\u00e3o e Demoli\u00e7\u00e3o (RCD), vulgarmente designados como entulho, s\u00e3o os res\u00edduos que resultam de obras de constru\u00e7\u00e3o civil ou demoli\u00e7\u00f5es (ex. cali\u00e7as, argamassas, alvenaria, bet\u00e3o armado, terras, embalagens, vidros, madeiras, entre outros). A gest\u00e3o destes res\u00edduos (a remo\u00e7\u00e3o, valoriza\u00e7\u00e3o e elimina\u00e7\u00e3o) \u00e9 da inteira responsabilidade dos empreiteiros ou donos de obra.<\/p><p>No caso de<span style=\"text-decoration: underline; color: #316cb5;\"> <a style=\"color: #316cb5; text-decoration: underline;\" href=\"\/index.php\/residuos-de-construcao-e-demolicao-2\" target=\"_blank\" rel=\"noopener\"><span>Res\u00edduos de Constru\u00e7\u00e3o e Demoli\u00e7\u00e3o Resultantes de Pequenas Repara\u00e7\u00f5es e Obras de Bricolage em<\/span><span> Habita\u00e7\u00f5es<\/span><\/a><\/span> a responsabilidade pela sua recolha \u00e9 dos SIMAR.<\/p><\/div>\n\t\t\t\t<\/div>\n\t\t\t\t\t\t\t<div class=\"elementor-accordion-item\">\n\t\t\t\t\t<div id=\"elementor-tab-title-24514\" class=\"elementor-tab-title\" data-tab=\"14\" role=\"button\" aria-controls=\"elementor-tab-content-24514\" aria-expanded=\"false\">\n\t\t\t\t\t\t\t\t\t\t\t\t\t<span class=\"elementor-accordion-icon elementor-accordion-icon-right\" aria-hidden=\"true\">\n\t\t\t\t\t\t\t\t\t\t\t\t\t\t\t<span class=\"elementor-accordion-icon-closed\"><i class=\"fas fa-angle-down\"><\/i><\/span>\n\t\t\t\t\t\t\t\t<span class=\"elementor-accordion-icon-opened\"><i class=\"fas fa-angle-up\"><\/i><\/span>\n\t\t\t\t\t\t\t\t\t\t\t\t\t\t<\/span>\n\t\t\t\t\t\t\t\t\t\t\t\t<a class=\"elementor-accordion-title\" tabindex=\"0\">14. Onde posso depositar l\u00e2mpadas fluorescentes?<\/a>\n\t\t\t\t\t<\/div>\n\t\t\t\t\t<div id=\"elementor-tab-content-24514\" class=\"elementor-tab-content elementor-clearfix\" data-tab=\"14\" role=\"region\" aria-labelledby=\"elementor-tab-title-24514\"><p>As l\u00e2mpadas fluorescentes, tubulares e LED s\u00e3o REEE e devem ser depositadas nos pontos electr\u00e3o existentes nas superf\u00edcies comerciais ou entregar no <span style=\"color: #000000;\">Ecocentro da<\/span> <a href=\"https:\/\/www.valorsul.pt\/pt\/\" target=\"_blank\" rel=\"noopener\"><span style=\"text-decoration: underline;\"><span style=\"color: #326da8; text-decoration: underline;\">Valorsul<\/span><\/span><\/a><em>.<\/em><\/p><p style=\"padding-left: 40px;\"><span style=\"color: #326da8;\"><strong><a href=\"https:\/\/www.simar-louresodivelas.pt\/simar_pag\/anexos\/inform_gestao\/PPRCIC_2019.pdf\" target=\"_blank\" rel=\"noopener\"><span style=\"color: #000000;\">\ud83d\udd17 <\/span><\/a><\/strong><span style=\"text-decoration: underline;\"><span style=\"color: #316cb5;\"><a style=\"color: #316cb5; text-decoration: underline;\" href=\"https:\/\/www.electrao.pt\/rede-electrao\/\" target=\"_blank\" rel=\"noopener\">Rede Electr\u00e3o<\/a><\/span><\/span><\/span><\/p><\/div>\n\t\t\t\t<\/div>\n\t\t\t\t\t\t\t\t<\/div>\n\t\t\t\t\t\t<\/div>\n\t\t\t\t<\/div>\n\t\t\t\t\t<\/div>\n\t\t<\/div>\n\t\t\t\t\t<\/div>\n\t\t<\/section>\n\t\t\t\t<section class=\"elementor-section elementor-top-section elementor-element elementor-element-ed4e2b0 elementor-section-boxed elementor-section-height-default elementor-section-height-default\" data-id=\"ed4e2b0\" data-element_type=\"section\">\n\t\t\t\t\t\t<div class=\"elementor-container elementor-column-gap-default\">\n\t\t\t\t\t<div class=\"aux-parallax-section elementor-column elementor-col-100 elementor-top-column elementor-element elementor-element-3ce3e0d\" data-id=\"3ce3e0d\" data-element_type=\"column\">\n\t\t\t<div class=\"elementor-widget-wrap elementor-element-populated\">\n\t\t\t\t\t\t<div class=\"elementor-element elementor-element-e110393 elementor-widget elementor-widget-html\" data-id=\"e110393\" data-element_type=\"widget\" data-widget_type=\"html.default\">\n\t\t\t\t<div class=\"elementor-widget-container\">\n\t\t\t\t\t<script src=\"data:text\/javascript;base64,alF1ZXJ5KGRvY3VtZW50KS5yZWFkeShmdW5jdGlvbigkKXt2YXIgZGVsYXk9MTAwO3NldFRpbWVvdXQoZnVuY3Rpb24oKXskKCcuZWxlbWVudG9yLXRhYi10aXRsZScpLnJlbW92ZUNsYXNzKCdlbGVtZW50b3ItYWN0aXZlJyk7JCgnLmVsZW1lbnRvci10YWItY29udGVudCcpLmNzcygnZGlzcGxheScsJ25vbmUnKX0sZGVsYXkpfSk=\" defer><\/script>\n\t\t\t\t<\/div>\n\t\t\t\t<\/div>\n\t\t\t\t\t<\/div>\n\t\t<\/div>\n\t\t\t\t\t<\/div>\n\t\t<\/section>\n\t\t\t\t<\/div>\n\t\t","protected":false},"excerpt":{"rendered":"<p>1. Como posso solicitar um contentor ou ecoponto para a zona onde vivo? Deve fornecer o seu n\u00famero de cliente, nome e morada para a qual pretende o contentor ou ecoponto. Dever\u00e1 tamb\u00e9m deixar o seu contacto para que, ap\u00f3s a an\u00e1lise dos nossos t\u00e9cnicos, possa ser informado do resultado do seu pedido. 2. Como [&hellip;]<\/p>\n","protected":false},"author":1,"featured_media":0,"parent":0,"menu_order":0,"comment_status":"closed","ping_status":"closed","template":"","meta":{"_monsterinsights_skip_tracking":false,"_monsterinsights_sitenote_active":false,"_monsterinsights_sitenote_note":"","_monsterinsights_sitenote_category":0,"_uf_show_specific_survey":0,"_uf_disable_surveys":false,"footnotes":""},"class_list":["post-1640","page","type-page","status-publish","hentry"],"aioseo_notices":[],"_links":{"self":[{"href":"https:\/\/www.simar-louresodivelas.pt\/index.php\/wp-json\/wp\/v2\/pages\/1640","targetHints":{"allow":["GET"]}}],"collection":[{"href":"https:\/\/www.simar-louresodivelas.pt\/index.php\/wp-json\/wp\/v2\/pages"}],"about":[{"href":"https:\/\/www.simar-louresodivelas.pt\/index.php\/wp-json\/wp\/v2\/types\/page"}],"author":[{"embeddable":true,"href":"https:\/\/www.simar-louresodivelas.pt\/index.php\/wp-json\/wp\/v2\/users\/1"}],"replies":[{"embeddable":true,"href":"https:\/\/www.simar-louresodivelas.pt\/index.php\/wp-json\/wp\/v2\/comments?post=1640"}],"version-history":[{"count":166,"href":"https:\/\/www.simar-louresodivelas.pt\/index.php\/wp-json\/wp\/v2\/pages\/1640\/revisions"}],"predecessor-version":[{"id":25505,"href":"https:\/\/www.simar-louresodivelas.pt\/index.php\/wp-json\/wp\/v2\/pages\/1640\/revisions\/25505"}],"wp:attachment":[{"href":"https:\/\/www.simar-louresodivelas.pt\/index.php\/wp-json\/wp\/v2\/media?parent=1640"}],"curies":[{"name":"wp","href":"https:\/\/api.w.org\/{rel}","templated":true}]}}